{"id":13920,"date":"2024-05-26T09:21:34","date_gmt":"2024-05-26T09:21:34","guid":{"rendered":"https:\/\/babycust.com\/produit\/jabador-salbeigruen-kind-baby\/"},"modified":"2025-05-22T21:08:16","modified_gmt":"2025-05-22T21:08:16","slug":"jabador-salbeigruen-kind-baby","status":"publish","type":"product","link":"https:\/\/babycust.com\/de\/produkt\/jabador-salbeigruen-kind-baby\/","title":{"rendered":"Jabador 2-teilig &#8211; Salbeigr\u00fcn"},"content":{"rendered":"<p>Entscheiden Sie sich f\u00fcr einen <strong>salbeigr\u00fcnen Jabador<\/strong> f\u00fcr Kinder, der Tradition und Moderne vereint. Er wurde mit Sorgfalt gefertigt und bietet ein perfektes Gleichgewicht zwischen Komfort, Eleganz und Authentizit\u00e4t. Sein sanfter und raffinierter Farbton macht ihn zu einem idealen Kleidungsst\u00fcck f\u00fcr alle wichtigen Anl\u00e4sse.  <\/p>\n<h3>Ein leichter und angenehm zu tragender Stoff<\/h3>\n<p>Dieser <strong>marokkanische Jabador f\u00fcr Jungen<\/strong> ist aus einem flie\u00dfenden, atmungsaktiven Stoff gefertigt, der den ganzen Tag \u00fcber f\u00fcr optimalen Tragekomfort sorgt. Er ist leicht und f\u00fchlt sich weich an und bietet viel Bewegungsfreiheit &#8211; perfekt f\u00fcr Kinder und Babys. <\/p>\n<h3>Ein traditionelles marokkanisches Kleidungsst\u00fcck<\/h3>\n<ul>\n<li>Bequeme Hose: Ausgestattet mit einem elastischen Bund, sorgt sie f\u00fcr eine perfekte Passform.<\/li>\n<li>Ein eleganter, lockerer Schnitt: Inspiriert von der marokkanischen Tradition f\u00fcr ein schickes und zugleich zeitloses Aussehen.<\/li>\n<li>Eine sanfte Farbe: Salbeigr\u00fcn, ein subtiler und distinguierter Farbton, ideal f\u00fcr alle Jahreszeiten.<\/li>\n<\/ul>\n<h3>Ein Jabador f\u00fcr Kinder Ideal f\u00fcr alle Anl\u00e4sse<\/h3>\n<p>Perfekt f\u00fcr eine <strong>Hochzeit<\/strong>, <strong>Eid<\/strong>, eine <strong>Beschneidung (Tahara)<\/strong> oder jede andere Zeremonie: Dieser salbeigr\u00fcne Jabador verleiht Ihrem Kind einen Hauch von traditioneller Eleganz. Sein zeitloser Stil macht ihn zu einem unverzichtbaren Teil der orientalischen Garderobe. <\/p>\n<p>Conseils d\u2019Entretien :<br \/>\nPour pr\u00e9server la beaut\u00e9 et la broderies, nous recommandons un lavage \u00e0 la main ou un cycle d\u00e9licat en machine. S\u00e9chage \u00e0 l\u2019air libre pour \u00e9viter toute alt\u00e9ration du tissu. <\/p>\n<p>Bestellen Sie Ihren salbeigr\u00fcnen Jabador jetzt.<br \/>\nF\u00fcgen Sie der Garderobe Ihres Kindes dieses au\u00dfergew\u00f6hnliche St\u00fcck hinzu und schenken Sie ihm ein <strong>traditionelles marokkanisches Outfit<\/strong>. <a href=\"\/de\/produktkategorien\/jabador-junge-baby-kind\/\"><u>Entdecken Sie unsere komplette Jabador-Kollektion<\/u><\/a> f\u00fcr weitere Farben und Modelle.<\/p>\n","protected":false},"excerpt":{"rendered":"<p>Verlieben Sie sich in diesen salbeigr\u00fcnen Jabador f\u00fcr Kinder, der Tradition und Moderne vereint. Er wurde sorgf\u00e4ltig gefertigt und bietet ein perfektes Gleichgewicht zwischen Komfort, Eleganz und Authentizit\u00e4t. Sein sanfter und raffinierter Farbton macht ihn zum idealen Kleidungsst\u00fcck f\u00fcr alle wichtigen Anl\u00e4sse.  <\/p>\n","protected":false},"featured_media":15415,"comment_status":"open","ping_status":"closed","template":"","meta":{"_monsterinsights_skip_tracking":false,"_monsterinsights_sitenote_active":false,"_monsterinsights_sitenote_note":"","_monsterinsights_sitenote_category":0},"etheme_brands":[],"product_brand":[],"product_cat":[115,157,282],"product_tag":[],"class_list":{"0":"post-13920","1":"product","2":"type-product","3":"status-publish","4":"has-post-thumbnail","6":"product_cat-2-teiliges-jabador-junge-baby-kind","7":"product_cat-jabador-junge-baby-kind","8":"product_cat-jabador-junge","9":"product_shipping_class-0250kg-0500kg-de","11":"first","12":"instock","13":"shipping-taxable","14":"purchasable","15":"product-type-variable"},"yoast_head":"<!-- This site is optimized with the Yoast SEO plugin v27.0 - https:\/\/yoast.com\/product\/yoast-seo-wordpress\/ -->\n<title>Jabador Gr\u00fcn Kind - BabyCust<\/title>\n<meta name=\"description\" content=\"Jabador salbeigr\u00fcn f\u00fcr Kinder und Babys. Erh\u00e4ltlich in den Gr\u00f6\u00dfen 6 Monate, 9 Monate, 12 Monate, 18 Monate, 2 Jahre, 3 Jahre, 4 Jahre und 5 Jahre. Perfekt f\u00fcr Eid, Beschneidung,...\" \/>\n<meta name=\"robots\" content=\"index, follow, max-snippet:-1, max-image-preview:large, max-video-preview:-1\" \/>\n<link rel=\"canonical\" href=\"https:\/\/babycust.com\/de\/produkt\/jabador-salbeigruen-kind-baby\/\" \/>\n<meta property=\"og:locale\" content=\"de_DE\" \/>\n<meta property=\"og:type\" content=\"article\" \/>\n<meta property=\"og:title\" content=\"Jabador Gr\u00fcn Kind - BabyCust\" \/>\n<meta property=\"og:description\" content=\"Jabador salbeigr\u00fcn f\u00fcr Kinder und Babys. Erh\u00e4ltlich in den Gr\u00f6\u00dfen 6 Monate, 9 Monate, 12 Monate, 18 Monate, 2 Jahre, 3 Jahre, 4 Jahre und 5 Jahre. Perfekt f\u00fcr Eid, Beschneidung,...\" \/>\n<meta property=\"og:url\" content=\"https:\/\/babycust.com\/de\/produkt\/jabador-salbeigruen-kind-baby\/\" \/>\n<meta property=\"og:site_name\" content=\"BabyCust\" \/>\n<meta property=\"article:modified_time\" content=\"2025-05-22T21:08:16+00:00\" \/>\n<meta property=\"og:image\" content=\"https:\/\/babycust.com\/wp-content\/uploads\/2024\/05\/jabador-enfant-vert-deau-1.jpeg\" \/>\n\t<meta property=\"og:image:width\" content=\"1600\" \/>\n\t<meta property=\"og:image:height\" content=\"1600\" \/>\n\t<meta property=\"og:image:type\" content=\"image\/jpeg\" \/>\n<meta name=\"twitter:card\" content=\"summary_large_image\" \/>\n<meta name=\"twitter:label1\" content=\"Gesch\u00e4tzte Lesezeit\" \/>\n\t<meta name=\"twitter:data1\" content=\"1\u00a0Minute\" \/>\n<script type=\"application\/ld+json\" class=\"yoast-schema-graph\">{\"@context\":\"https:\/\/schema.org\",\"@graph\":[{\"@type\":\"WebPage\",\"@id\":\"https:\/\/babycust.com\/de\/produkt\/jabador-salbeigruen-kind-baby\/\",\"url\":\"https:\/\/babycust.com\/de\/produkt\/jabador-salbeigruen-kind-baby\/\",\"name\":\"Jabador Gr\u00fcn Kind - BabyCust\",\"isPartOf\":{\"@id\":\"https:\/\/babycust.com\/de\/#website\"},\"primaryImageOfPage\":{\"@id\":\"https:\/\/babycust.com\/de\/produkt\/jabador-salbeigruen-kind-baby\/#primaryimage\"},\"image\":{\"@id\":\"https:\/\/babycust.com\/de\/produkt\/jabador-salbeigruen-kind-baby\/#primaryimage\"},\"thumbnailUrl\":\"https:\/\/babycust.com\/wp-content\/uploads\/2024\/05\/jabador-pour-enfant-vert-sauge.jpg\",\"datePublished\":\"2024-05-26T09:21:34+00:00\",\"dateModified\":\"2025-05-22T21:08:16+00:00\",\"description\":\"Jabador salbeigr\u00fcn f\u00fcr Kinder und Babys. Erh\u00e4ltlich in den Gr\u00f6\u00dfen 6 Monate, 9 Monate, 12 Monate, 18 Monate, 2 Jahre, 3 Jahre, 4 Jahre und 5 Jahre. Perfekt f\u00fcr Eid, Beschneidung,...\",\"breadcrumb\":{\"@id\":\"https:\/\/babycust.com\/de\/produkt\/jabador-salbeigruen-kind-baby\/#breadcrumb\"},\"inLanguage\":\"de\",\"potentialAction\":[{\"@type\":\"ReadAction\",\"target\":[\"https:\/\/babycust.com\/de\/produkt\/jabador-salbeigruen-kind-baby\/\"]}]},{\"@type\":\"ImageObject\",\"inLanguage\":\"de\",\"@id\":\"https:\/\/babycust.com\/de\/produkt\/jabador-salbeigruen-kind-baby\/#primaryimage\",\"url\":\"https:\/\/babycust.com\/wp-content\/uploads\/2024\/05\/jabador-pour-enfant-vert-sauge.jpg\",\"contentUrl\":\"https:\/\/babycust.com\/wp-content\/uploads\/2024\/05\/jabador-pour-enfant-vert-sauge.jpg\",\"width\":1878,\"height\":2046,\"caption\":\"jabador vert sauge pour gar\u00e7on\"},{\"@type\":\"BreadcrumbList\",\"@id\":\"https:\/\/babycust.com\/de\/produkt\/jabador-salbeigruen-kind-baby\/#breadcrumb\",\"itemListElement\":[{\"@type\":\"ListItem\",\"position\":1,\"name\":\"Accueil\",\"item\":\"https:\/\/babycust.com\/de\/\"},{\"@type\":\"ListItem\",\"position\":2,\"name\":\"Shop\",\"item\":\"https:\/\/babycust.com\/de\/shop-2\/\"},{\"@type\":\"ListItem\",\"position\":3,\"name\":\"Jabador 2-teilig &#8211; Salbeigr\u00fcn\"}]},{\"@type\":\"WebSite\",\"@id\":\"https:\/\/babycust.com\/de\/#website\",\"url\":\"https:\/\/babycust.com\/de\/\",\"name\":\"BabyCust\",\"description\":\"Jabador et Caftan pour Enfants\",\"publisher\":{\"@id\":\"https:\/\/babycust.com\/de\/#organization\"},\"potentialAction\":[{\"@type\":\"SearchAction\",\"target\":{\"@type\":\"EntryPoint\",\"urlTemplate\":\"https:\/\/babycust.com\/de\/?s={search_term_string}\"},\"query-input\":{\"@type\":\"PropertyValueSpecification\",\"valueRequired\":true,\"valueName\":\"search_term_string\"}}],\"inLanguage\":\"de\"},{\"@type\":\"Organization\",\"@id\":\"https:\/\/babycust.com\/de\/#organization\",\"name\":\"BabyCust\",\"url\":\"https:\/\/babycust.com\/de\/\",\"logo\":{\"@type\":\"ImageObject\",\"inLanguage\":\"de\",\"@id\":\"https:\/\/babycust.com\/de\/#\/schema\/logo\/image\/\",\"url\":\"https:\/\/babycust.com\/wp-content\/uploads\/2024\/06\/logo-babycust.png\",\"contentUrl\":\"https:\/\/babycust.com\/wp-content\/uploads\/2024\/06\/logo-babycust.png\",\"width\":1080,\"height\":508,\"caption\":\"BabyCust\"},\"image\":{\"@id\":\"https:\/\/babycust.com\/de\/#\/schema\/logo\/image\/\"}}]}<\/script>\n<!-- \/ Yoast SEO plugin. -->","yoast_head_json":{"title":"Jabador Gr\u00fcn Kind - BabyCust","description":"Jabador salbeigr\u00fcn f\u00fcr Kinder und Babys. Erh\u00e4ltlich in den Gr\u00f6\u00dfen 6 Monate, 9 Monate, 12 Monate, 18 Monate, 2 Jahre, 3 Jahre, 4 Jahre und 5 Jahre. Perfekt f\u00fcr Eid, Beschneidung,...","robots":{"index":"index","follow":"follow","max-snippet":"max-snippet:-1","max-image-preview":"max-image-preview:large","max-video-preview":"max-video-preview:-1"},"canonical":"https:\/\/babycust.com\/de\/produkt\/jabador-salbeigruen-kind-baby\/","og_locale":"de_DE","og_type":"article","og_title":"Jabador Gr\u00fcn Kind - BabyCust","og_description":"Jabador salbeigr\u00fcn f\u00fcr Kinder und Babys. Erh\u00e4ltlich in den Gr\u00f6\u00dfen 6 Monate, 9 Monate, 12 Monate, 18 Monate, 2 Jahre, 3 Jahre, 4 Jahre und 5 Jahre. Perfekt f\u00fcr Eid, Beschneidung,...","og_url":"https:\/\/babycust.com\/de\/produkt\/jabador-salbeigruen-kind-baby\/","og_site_name":"BabyCust","article_modified_time":"2025-05-22T21:08:16+00:00","og_image":[{"width":1600,"height":1600,"url":"https:\/\/babycust.com\/wp-content\/uploads\/2024\/05\/jabador-enfant-vert-deau-1.jpeg","type":"image\/jpeg"}],"twitter_card":"summary_large_image","twitter_misc":{"Gesch\u00e4tzte Lesezeit":"1\u00a0Minute"},"schema":{"@context":"https:\/\/schema.org","@graph":[{"@type":"WebPage","@id":"https:\/\/babycust.com\/de\/produkt\/jabador-salbeigruen-kind-baby\/","url":"https:\/\/babycust.com\/de\/produkt\/jabador-salbeigruen-kind-baby\/","name":"Jabador Gr\u00fcn Kind - BabyCust","isPartOf":{"@id":"https:\/\/babycust.com\/de\/#website"},"primaryImageOfPage":{"@id":"https:\/\/babycust.com\/de\/produkt\/jabador-salbeigruen-kind-baby\/#primaryimage"},"image":{"@id":"https:\/\/babycust.com\/de\/produkt\/jabador-salbeigruen-kind-baby\/#primaryimage"},"thumbnailUrl":"https:\/\/babycust.com\/wp-content\/uploads\/2024\/05\/jabador-pour-enfant-vert-sauge.jpg","datePublished":"2024-05-26T09:21:34+00:00","dateModified":"2025-05-22T21:08:16+00:00","description":"Jabador salbeigr\u00fcn f\u00fcr Kinder und Babys. Erh\u00e4ltlich in den Gr\u00f6\u00dfen 6 Monate, 9 Monate, 12 Monate, 18 Monate, 2 Jahre, 3 Jahre, 4 Jahre und 5 Jahre. Perfekt f\u00fcr Eid, Beschneidung,...","breadcrumb":{"@id":"https:\/\/babycust.com\/de\/produkt\/jabador-salbeigruen-kind-baby\/#breadcrumb"},"inLanguage":"de","potentialAction":[{"@type":"ReadAction","target":["https:\/\/babycust.com\/de\/produkt\/jabador-salbeigruen-kind-baby\/"]}]},{"@type":"ImageObject","inLanguage":"de","@id":"https:\/\/babycust.com\/de\/produkt\/jabador-salbeigruen-kind-baby\/#primaryimage","url":"https:\/\/babycust.com\/wp-content\/uploads\/2024\/05\/jabador-pour-enfant-vert-sauge.jpg","contentUrl":"https:\/\/babycust.com\/wp-content\/uploads\/2024\/05\/jabador-pour-enfant-vert-sauge.jpg","width":1878,"height":2046,"caption":"jabador vert sauge pour gar\u00e7on"},{"@type":"BreadcrumbList","@id":"https:\/\/babycust.com\/de\/produkt\/jabador-salbeigruen-kind-baby\/#breadcrumb","itemListElement":[{"@type":"ListItem","position":1,"name":"Accueil","item":"https:\/\/babycust.com\/de\/"},{"@type":"ListItem","position":2,"name":"Shop","item":"https:\/\/babycust.com\/de\/shop-2\/"},{"@type":"ListItem","position":3,"name":"Jabador 2-teilig &#8211; Salbeigr\u00fcn"}]},{"@type":"WebSite","@id":"https:\/\/babycust.com\/de\/#website","url":"https:\/\/babycust.com\/de\/","name":"BabyCust","description":"Jabador et Caftan pour Enfants","publisher":{"@id":"https:\/\/babycust.com\/de\/#organization"},"potentialAction":[{"@type":"SearchAction","target":{"@type":"EntryPoint","urlTemplate":"https:\/\/babycust.com\/de\/?s={search_term_string}"},"query-input":{"@type":"PropertyValueSpecification","valueRequired":true,"valueName":"search_term_string"}}],"inLanguage":"de"},{"@type":"Organization","@id":"https:\/\/babycust.com\/de\/#organization","name":"BabyCust","url":"https:\/\/babycust.com\/de\/","logo":{"@type":"ImageObject","inLanguage":"de","@id":"https:\/\/babycust.com\/de\/#\/schema\/logo\/image\/","url":"https:\/\/babycust.com\/wp-content\/uploads\/2024\/06\/logo-babycust.png","contentUrl":"https:\/\/babycust.com\/wp-content\/uploads\/2024\/06\/logo-babycust.png","width":1080,"height":508,"caption":"BabyCust"},"image":{"@id":"https:\/\/babycust.com\/de\/#\/schema\/logo\/image\/"}}]}},"jetpack_sharing_enabled":true,"_links":{"self":[{"href":"https:\/\/babycust.com\/de\/wp-json\/wp\/v2\/product\/13920","targetHints":{"allow":["GET"]}}],"collection":[{"href":"https:\/\/babycust.com\/de\/wp-json\/wp\/v2\/product"}],"about":[{"href":"https:\/\/babycust.com\/de\/wp-json\/wp\/v2\/types\/product"}],"replies":[{"embeddable":true,"href":"https:\/\/babycust.com\/de\/wp-json\/wp\/v2\/comments?post=13920"}],"version-history":[{"count":0,"href":"https:\/\/babycust.com\/de\/wp-json\/wp\/v2\/product\/13920\/revisions"}],"wp:featuredmedia":[{"embeddable":true,"href":"https:\/\/babycust.com\/de\/wp-json\/wp\/v2\/media\/15415"}],"wp:attachment":[{"href":"https:\/\/babycust.com\/de\/wp-json\/wp\/v2\/media?parent=13920"}],"wp:term":[{"taxonomy":"brand","embeddable":true,"href":"https:\/\/babycust.com\/de\/wp-json\/wp\/v2\/etheme_brands?post=13920"},{"taxonomy":"product_brand","embeddable":true,"href":"https:\/\/babycust.com\/de\/wp-json\/wp\/v2\/product_brand?post=13920"},{"taxonomy":"product_cat","embeddable":true,"href":"https:\/\/babycust.com\/de\/wp-json\/wp\/v2\/product_cat?post=13920"},{"taxonomy":"product_tag","embeddable":true,"href":"https:\/\/babycust.com\/de\/wp-json\/wp\/v2\/product_tag?post=13920"}],"curies":[{"name":"wp","href":"https:\/\/api.w.org\/{rel}","templated":true}]}}